{"id":128,"date":"2022-08-04T09:01:29","date_gmt":"2022-08-04T07:01:29","guid":{"rendered":"https:\/\/aubergevalleedeladouve.fr\/?page_id=128"},"modified":"2026-02-06T18:49:52","modified_gmt":"2026-02-06T17:49:52","slug":"acceuil","status":"publish","type":"page","link":"https:\/\/aubergevalleedeladouve.fr\/","title":{"rendered":"Accueil"},"content":{"rendered":"\t\t<div data-elementor-type=\"wp-page\" data-elementor-id=\"128\" class=\"elementor elementor-128\">\n\t\t\t\t\t\t<section class=\"elementor-section elementor-top-section elementor-element elementor-element-3737244 elementor-section-boxed elementor-section-height-default elementor-section-height-default\" data-id=\"3737244\" data-element_type=\"section\" data-e-type=\"section\">\n\t\t\t\t\t\t<div class=\"elementor-container elementor-column-gap-default\">\n\t\t\t\t\t<div class=\"elementor-column elementor-col-100 elementor-top-column elementor-element elementor-element-ffa3218\" data-id=\"ffa3218\" data-element_type=\"column\" data-e-type=\"column\">\n\t\t\t<div class=\"elementor-widget-wrap elementor-element-populated\">\n\t\t\t\t\t\t\t<\/div>\n\t\t<\/div>\n\t\t\t\t\t<\/div>\n\t\t<\/section>\n\t\t\t\t<section class=\"elementor-section elementor-top-section elementor-element elementor-element-f9723ee elementor-section-boxed elementor-section-height-default elementor-section-height-default\" data-id=\"f9723ee\" data-element_type=\"section\" data-e-type=\"section\">\n\t\t\t\t\t\t<div class=\"elementor-container elementor-column-gap-default\">\n\t\t\t\t\t<div class=\"elementor-column elementor-col-33 elementor-top-column elementor-element elementor-element-b27076d\" data-id=\"b27076d\" data-element_type=\"column\" data-e-type=\"column\">\n\t\t\t<div class=\"elementor-widget-wrap elementor-element-populated\">\n\t\t\t\t\t\t<div class=\"elementor-element elementor-element-6514818 elementor-widget elementor-widget-image\" data-id=\"6514818\" data-element_type=\"widget\" data-e-type=\"widget\" data-widget_type=\"image.default\">\n\t\t\t\t<div class=\"elementor-widget-container\">\n\t\t\t\t\t\t\t\t\t\t\t\t\t\t\t<img fetchpriority=\"high\" decoding=\"async\" width=\"1024\" height=\"683\" src=\"https:\/\/aubergevalleedeladouve.fr\/wp-content\/uploads\/2022\/08\/DSC_0310-1024x683.jpg\" class=\"attachment-large size-large wp-image-488\" alt=\"fa\u00e7ade\" srcset=\"https:\/\/aubergevalleedeladouve.fr\/wp-content\/uploads\/2022\/08\/DSC_0310-1024x683.jpg 1024w, https:\/\/aubergevalleedeladouve.fr\/wp-content\/uploads\/2022\/08\/DSC_0310-scaled-600x400.jpg 600w, https:\/\/aubergevalleedeladouve.fr\/wp-content\/uploads\/2022\/08\/DSC_0310-300x200.jpg 300w, https:\/\/aubergevalleedeladouve.fr\/wp-content\/uploads\/2022\/08\/DSC_0310-768x512.jpg 768w, https:\/\/aubergevalleedeladouve.fr\/wp-content\/uploads\/2022\/08\/DSC_0310-1536x1024.jpg 1536w, https:\/\/aubergevalleedeladouve.fr\/wp-content\/uploads\/2022\/08\/DSC_0310-2048x1365.jpg 2048w, https:\/\/aubergevalleedeladouve.fr\/wp-content\/uploads\/2022\/08\/DSC_0310-2000x1333.jpg 2000w\" sizes=\"100vw\" \/>\t\t\t\t\t\t\t\t\t\t\t\t\t\t\t<\/div>\n\t\t\t\t<\/div>\n\t\t\t\t\t<\/div>\n\t\t<\/div>\n\t\t\t\t<div class=\"elementor-column elementor-col-33 elementor-top-column elementor-element elementor-element-51cb592\" data-id=\"51cb592\" data-element_type=\"column\" data-e-type=\"column\">\n\t\t\t<div class=\"elementor-widget-wrap elementor-element-populated\">\n\t\t\t\t\t\t<div class=\"elementor-element elementor-element-318d519 elementor-widget elementor-widget-image\" data-id=\"318d519\" data-element_type=\"widget\" data-e-type=\"widget\" data-widget_type=\"image.default\">\n\t\t\t\t<div class=\"elementor-widget-container\">\n\t\t\t\t\t\t\t\t\t\t\t\t\t\t\t<img decoding=\"async\" width=\"1024\" height=\"683\" src=\"https:\/\/aubergevalleedeladouve.fr\/wp-content\/uploads\/2022\/08\/DSC_0273-1024x683.jpg\" class=\"attachment-large size-large wp-image-502\" alt=\"\" srcset=\"https:\/\/aubergevalleedeladouve.fr\/wp-content\/uploads\/2022\/08\/DSC_0273-1024x683.jpg 1024w, https:\/\/aubergevalleedeladouve.fr\/wp-content\/uploads\/2022\/08\/DSC_0273-scaled-600x400.jpg 600w, https:\/\/aubergevalleedeladouve.fr\/wp-content\/uploads\/2022\/08\/DSC_0273-300x200.jpg 300w, https:\/\/aubergevalleedeladouve.fr\/wp-content\/uploads\/2022\/08\/DSC_0273-768x512.jpg 768w, https:\/\/aubergevalleedeladouve.fr\/wp-content\/uploads\/2022\/08\/DSC_0273-1536x1024.jpg 1536w, https:\/\/aubergevalleedeladouve.fr\/wp-content\/uploads\/2022\/08\/DSC_0273-2048x1365.jpg 2048w, https:\/\/aubergevalleedeladouve.fr\/wp-content\/uploads\/2022\/08\/DSC_0273-2000x1333.jpg 2000w\" sizes=\"100vw\" \/>\t\t\t\t\t\t\t\t\t\t\t\t\t\t\t<\/div>\n\t\t\t\t<\/div>\n\t\t\t\t\t<\/div>\n\t\t<\/div>\n\t\t\t\t<div class=\"elementor-column elementor-col-33 elementor-top-column elementor-element elementor-element-6381fec\" data-id=\"6381fec\" data-element_type=\"column\" data-e-type=\"column\">\n\t\t\t<div class=\"elementor-widget-wrap elementor-element-populated\">\n\t\t\t\t\t\t<div class=\"elementor-element elementor-element-de2dd1d elementor-widget elementor-widget-image\" data-id=\"de2dd1d\" data-element_type=\"widget\" data-e-type=\"widget\" data-widget_type=\"image.default\">\n\t\t\t\t<div class=\"elementor-widget-container\">\n\t\t\t\t\t\t\t\t\t\t\t\t\t\t\t<img decoding=\"async\" width=\"1024\" height=\"683\" src=\"https:\/\/aubergevalleedeladouve.fr\/wp-content\/uploads\/2022\/08\/4-1024x683.jpg\" class=\"attachment-large size-large wp-image-552\" alt=\"\" srcset=\"https:\/\/aubergevalleedeladouve.fr\/wp-content\/uploads\/2022\/08\/4-1024x683.jpg 1024w, https:\/\/aubergevalleedeladouve.fr\/wp-content\/uploads\/2022\/08\/4-scaled-600x400.jpg 600w, https:\/\/aubergevalleedeladouve.fr\/wp-content\/uploads\/2022\/08\/4-300x200.jpg 300w, https:\/\/aubergevalleedeladouve.fr\/wp-content\/uploads\/2022\/08\/4-768x512.jpg 768w, https:\/\/aubergevalleedeladouve.fr\/wp-content\/uploads\/2022\/08\/4-1536x1024.jpg 1536w, https:\/\/aubergevalleedeladouve.fr\/wp-content\/uploads\/2022\/08\/4-2048x1365.jpg 2048w, https:\/\/aubergevalleedeladouve.fr\/wp-content\/uploads\/2022\/08\/4-2000x1333.jpg 2000w\" sizes=\"100vw\" \/>\t\t\t\t\t\t\t\t\t\t\t\t\t\t\t<\/div>\n\t\t\t\t<\/div>\n\t\t\t\t\t<\/div>\n\t\t<\/div>\n\t\t\t\t\t<\/div>\n\t\t<\/section>\n\t\t\t\t<section class=\"elementor-section elementor-top-section elementor-element elementor-element-e0ced12 elementor-section-boxed elementor-section-height-default elementor-section-height-default\" data-id=\"e0ced12\" data-element_type=\"section\" data-e-type=\"section\">\n\t\t\t\t\t\t<div class=\"elementor-container elementor-column-gap-default\">\n\t\t\t\t\t<div class=\"elementor-column elementor-col-50 elementor-top-column elementor-element elementor-element-d15911c\" data-id=\"d15911c\" data-element_type=\"column\" data-e-type=\"column\">\n\t\t\t<div class=\"elementor-widget-wrap elementor-element-populated\">\n\t\t\t\t\t\t<div class=\"elementor-element elementor-element-05d1272 elementor-widget elementor-widget-text-editor\" data-id=\"05d1272\" data-element_type=\"widget\" data-e-type=\"widget\" data-widget_type=\"text-editor.default\">\n\t\t\t\t<div class=\"elementor-widget-container\">\n\t\t\t\t\t\t\t\t\t<p data-start=\"253\" data-end=\"525\">Situ\u00e9e \u00e0 <strong data-start=\"262\" data-end=\"303\">L\u2019\u00c9tang-Bertrand, au c\u0153ur du Cotentin<\/strong>, \u00e0 proximit\u00e9 de <strong data-start=\"320\" data-end=\"349\">Bricquebec et de Valognes<\/strong>, l\u2019Auberge de la Vall\u00e9e de la Douve vous accueille dans un cadre convivial et chaleureux, id\u00e9al pour une halte touristique, un s\u00e9jour professionnel ou une escapade en famille.<\/p><p data-start=\"527\" data-end=\"784\">L\u2019auberge propose <strong data-start=\"545\" data-end=\"583\">cinq chambres d\u2019h\u00f4tel confortables<\/strong>, dont <strong data-start=\"590\" data-end=\"646\">une chambre adapt\u00e9e aux personnes \u00e0 mobilit\u00e9 r\u00e9duite<\/strong>, ainsi qu\u2019un <strong data-start=\"660\" data-end=\"681\">appartement h\u00f4tel<\/strong> enti\u00e8rement \u00e9quip\u00e9, offrant davantage d\u2019autonomie tout en b\u00e9n\u00e9ficiant des services de l\u2019\u00e9tablissement.<\/p><p data-start=\"786\" data-end=\"1062\">C\u00f4t\u00e9 restauration, sur place ou \u00e0 emporter, les plus gourmands se laisseront s\u00e9duire par une cuisine g\u00e9n\u00e9reuse compos\u00e9e de <strong data-start=\"909\" data-end=\"945\">pizzas, burgers et frites maison<\/strong>, accompagn\u00e9e d\u2019une <strong data-start=\"965\" data-end=\"991\">formule \u201cMenu du jour\u201d<\/strong> propos\u00e9e tous les midis, ainsi que les <strong data-start=\"1031\" data-end=\"1061\">vendredis soirs<\/strong>.<\/p><p data-start=\"1064\" data-end=\"1204\">Enfin, une <strong data-start=\"1075\" data-end=\"1100\">\u00e9picerie de proximit\u00e9<\/strong>, riche de <strong data-start=\"1111\" data-end=\"1137\">plus de 300 r\u00e9f\u00e9rences<\/strong>, est \u00e0 votre disposition pour r\u00e9pondre \u00e0 vos besoins du quotidien.<\/p>\t\t\t\t\t\t\t\t<\/div>\n\t\t\t\t<\/div>\n\t\t\t\t\t<\/div>\n\t\t<\/div>\n\t\t\t\t<div class=\"elementor-column elementor-col-50 elementor-top-column elementor-element elementor-element-35efc40\" data-id=\"35efc40\" data-element_type=\"column\" data-e-type=\"column\">\n\t\t\t<div class=\"elementor-widget-wrap\">\n\t\t\t\t\t\t\t<\/div>\n\t\t<\/div>\n\t\t\t\t\t<\/div>\n\t\t<\/section>\n\t\t\t\t<section class=\"elementor-section elementor-top-section elementor-element elementor-element-9e97031 elementor-section-boxed elementor-section-height-default elementor-section-height-default\" data-id=\"9e97031\" data-element_type=\"section\" data-e-type=\"section\">\n\t\t\t\t\t\t<div class=\"elementor-container elementor-column-gap-default\">\n\t\t\t\t\t<div class=\"elementor-column elementor-col-100 elementor-top-column elementor-element elementor-element-db8cd87\" data-id=\"db8cd87\" data-element_type=\"column\" data-e-type=\"column\">\n\t\t\t<div class=\"elementor-widget-wrap elementor-element-populated\">\n\t\t\t\t\t\t<div class=\"elementor-element elementor-element-5359790 elementor-widget elementor-widget-spacer\" data-id=\"5359790\" data-element_type=\"widget\" data-e-type=\"widget\" data-widget_type=\"spacer.default\">\n\t\t\t\t<div class=\"elementor-widget-container\">\n\t\t\t\t\t\t\t<div class=\"elementor-spacer\">\n\t\t\t<div class=\"elementor-spacer-inner\"><\/div>\n\t\t<\/div>\n\t\t\t\t\t\t<\/div>\n\t\t\t\t<\/div>\n\t\t\t\t\t<\/div>\n\t\t<\/div>\n\t\t\t\t\t<\/div>\n\t\t<\/section>\n\t\t\t\t<section class=\"elementor-section elementor-top-section elementor-element elementor-element-50831ed elementor-section-boxed elementor-section-height-default elementor-section-height-default\" data-id=\"50831ed\" data-element_type=\"section\" data-e-type=\"section\">\n\t\t\t\t\t\t<div class=\"elementor-container elementor-column-gap-default\">\n\t\t\t\t\t<div class=\"elementor-column elementor-col-100 elementor-top-column elementor-element elementor-element-fa513dd\" data-id=\"fa513dd\" data-element_type=\"column\" data-e-type=\"column\">\n\t\t\t<div class=\"elementor-widget-wrap elementor-element-populated\">\n\t\t\t\t\t\t<div class=\"elementor-element elementor-element-d8a5717 elementor-widget elementor-widget-image\" data-id=\"d8a5717\" data-element_type=\"widget\" data-e-type=\"widget\" data-widget_type=\"image.default\">\n\t\t\t\t<div class=\"elementor-widget-container\">\n\t\t\t\t\t\t\t\t\t\t\t\t\t\t\t\t<a href=\"https:\/\/maps.app.goo.gl\/SDpG8s5Z7m1yqRLf9\">\n\t\t\t\t\t\t\t<img loading=\"lazy\" decoding=\"async\" width=\"1024\" height=\"724\" src=\"https:\/\/aubergevalleedeladouve.fr\/wp-content\/uploads\/2026\/01\/Capture-decran-2026-01-07-105728-1-1024x724.png\" class=\"attachment-large size-large wp-image-1050\" alt=\"\" srcset=\"https:\/\/aubergevalleedeladouve.fr\/wp-content\/uploads\/2026\/01\/Capture-decran-2026-01-07-105728-1-1024x724.png 1024w, https:\/\/aubergevalleedeladouve.fr\/wp-content\/uploads\/2026\/01\/Capture-decran-2026-01-07-105728-1-scaled-600x424.png 600w, https:\/\/aubergevalleedeladouve.fr\/wp-content\/uploads\/2026\/01\/Capture-decran-2026-01-07-105728-1-300x212.png 300w, https:\/\/aubergevalleedeladouve.fr\/wp-content\/uploads\/2026\/01\/Capture-decran-2026-01-07-105728-1-768x543.png 768w, https:\/\/aubergevalleedeladouve.fr\/wp-content\/uploads\/2026\/01\/Capture-decran-2026-01-07-105728-1-1536x1086.png 1536w, https:\/\/aubergevalleedeladouve.fr\/wp-content\/uploads\/2026\/01\/Capture-decran-2026-01-07-105728-1-2048x1448.png 2048w, https:\/\/aubergevalleedeladouve.fr\/wp-content\/uploads\/2026\/01\/Capture-decran-2026-01-07-105728-1-2000x1414.png 2000w\" sizes=\"100vw\" \/>\t\t\t\t\t\t\t\t<\/a>\n\t\t\t\t\t\t\t\t\t\t\t\t\t\t\t<\/div>\n\t\t\t\t<\/div>\n\t\t\t\t\t<\/div>\n\t\t<\/div>\n\t\t\t\t\t<\/div>\n\t\t<\/section>\n\t\t\t\t<section class=\"elementor-section elementor-top-section elementor-element elementor-element-40288f4 elementor-section-boxed elementor-section-height-default elementor-section-height-default\" data-id=\"40288f4\" data-element_type=\"section\" data-e-type=\"section\">\n\t\t\t\t\t\t<div class=\"elementor-container elementor-column-gap-default\">\n\t\t\t\t\t<div class=\"elementor-column elementor-col-100 elementor-top-column elementor-element elementor-element-6a42c10\" data-id=\"6a42c10\" data-element_type=\"column\" data-e-type=\"column\">\n\t\t\t<div class=\"elementor-widget-wrap elementor-element-populated\">\n\t\t\t\t\t\t<div class=\"elementor-element elementor-element-69c8cbe elementor-widget elementor-widget-spacer\" data-id=\"69c8cbe\" data-element_type=\"widget\" data-e-type=\"widget\" data-widget_type=\"spacer.default\">\n\t\t\t\t<div class=\"elementor-widget-container\">\n\t\t\t\t\t\t\t<div class=\"elementor-spacer\">\n\t\t\t<div class=\"elementor-spacer-inner\"><\/div>\n\t\t<\/div>\n\t\t\t\t\t\t<\/div>\n\t\t\t\t<\/div>\n\t\t\t\t\t<\/div>\n\t\t<\/div>\n\t\t\t\t\t<\/div>\n\t\t<\/section>\n\t\t\t\t<section class=\"elementor-section elementor-top-section elementor-element elementor-element-768568c elementor-section-boxed elementor-section-height-default elementor-section-height-default\" data-id=\"768568c\" data-element_type=\"section\" data-e-type=\"section\">\n\t\t\t\t\t\t<div class=\"elementor-container elementor-column-gap-default\">\n\t\t\t\t\t<div class=\"elementor-column elementor-col-33 elementor-top-column elementor-element elementor-element-415f799\" data-id=\"415f799\" data-element_type=\"column\" data-e-type=\"column\">\n\t\t\t<div class=\"elementor-widget-wrap elementor-element-populated\">\n\t\t\t\t\t\t<div class=\"elementor-element elementor-element-b9011cd elementor-widget elementor-widget-image\" data-id=\"b9011cd\" data-element_type=\"widget\" data-e-type=\"widget\" data-widget_type=\"image.default\">\n\t\t\t\t<div class=\"elementor-widget-container\">\n\t\t\t\t\t\t\t\t\t\t\t\t\t\t\t<img fetchpriority=\"high\" decoding=\"async\" width=\"1024\" height=\"683\" src=\"https:\/\/aubergevalleedeladouve.fr\/wp-content\/uploads\/2022\/08\/DSC_0310-1024x683.jpg\" class=\"attachment-large size-large wp-image-488\" alt=\"fa\u00e7ade\" srcset=\"https:\/\/aubergevalleedeladouve.fr\/wp-content\/uploads\/2022\/08\/DSC_0310-1024x683.jpg 1024w, https:\/\/aubergevalleedeladouve.fr\/wp-content\/uploads\/2022\/08\/DSC_0310-scaled-600x400.jpg 600w, https:\/\/aubergevalleedeladouve.fr\/wp-content\/uploads\/2022\/08\/DSC_0310-300x200.jpg 300w, https:\/\/aubergevalleedeladouve.fr\/wp-content\/uploads\/2022\/08\/DSC_0310-768x512.jpg 768w, https:\/\/aubergevalleedeladouve.fr\/wp-content\/uploads\/2022\/08\/DSC_0310-1536x1024.jpg 1536w, https:\/\/aubergevalleedeladouve.fr\/wp-content\/uploads\/2022\/08\/DSC_0310-2048x1365.jpg 2048w, https:\/\/aubergevalleedeladouve.fr\/wp-content\/uploads\/2022\/08\/DSC_0310-2000x1333.jpg 2000w\" sizes=\"100vw\" \/>\t\t\t\t\t\t\t\t\t\t\t\t\t\t\t<\/div>\n\t\t\t\t<\/div>\n\t\t\t\t\t<\/div>\n\t\t<\/div>\n\t\t\t\t<div class=\"elementor-column elementor-col-66 elementor-top-column elementor-element elementor-element-b9a7871\" data-id=\"b9a7871\" data-element_type=\"column\" data-e-type=\"column\">\n\t\t\t<div class=\"elementor-widget-wrap elementor-element-populated\">\n\t\t\t\t\t\t<div class=\"elementor-element elementor-element-6bd6cab elementor-widget elementor-widget-text-editor\" data-id=\"6bd6cab\" data-element_type=\"widget\" data-e-type=\"widget\" data-widget_type=\"text-editor.default\">\n\t\t\t\t<div class=\"elementor-widget-container\">\n\t\t\t\t\t\t\t\t\t<h3 style=\"text-align: center;\"><strong><span style=\"color: #008080;\">Ouvert du lundi au vendredi<\/span><\/strong><br><strong><span style=\"color: #008080;\">7H30 &#8211; 14H00 18H00 &#8211; 21H00<\/span><\/strong><br><strong><span style=\"color: #008080;\">Et le samedi matin 7H30 &#8211; 12H00<\/span><\/strong><br>Ferm\u00e9 le samedi apr\u00e8s-midi et le dimanche<\/h3><h3 style=\"text-align: center;\"><br>Restauration sur place (sauf h\u00f4tel):&nbsp;<span style=\"font-size: 1.5rem;\">tout les midis et vendredi soir, jours ouvert.<\/span><\/h3>\n<h3 style=\"text-align: center;\">Restauration<span style=\"font-size: 1.5rem;\"> \u00e0 emporter (et h\u00f4tel) :&nbsp;<\/span><span style=\"font-size: 1.5rem;\">tout les midis et tout les soirs, jours ouvert.<\/span><\/h3>\t\t\t\t\t\t\t\t<\/div>\n\t\t\t\t<\/div>\n\t\t\t\t\t<\/div>\n\t\t<\/div>\n\t\t\t\t\t<\/div>\n\t\t<\/section>\n\t\t\t\t<section class=\"elementor-section elementor-top-section elementor-element elementor-element-dc86eb3 elementor-section-boxed elementor-section-height-default elementor-section-height-default\" data-id=\"dc86eb3\" data-element_type=\"section\" data-e-type=\"section\">\n\t\t\t\t\t\t<div class=\"elementor-container elementor-column-gap-default\">\n\t\t\t\t\t<div class=\"elementor-column elementor-col-100 elementor-top-column elementor-element elementor-element-14a6fb2\" data-id=\"14a6fb2\" data-element_type=\"column\" data-e-type=\"column\">\n\t\t\t<div class=\"elementor-widget-wrap elementor-element-populated\">\n\t\t\t\t\t\t<div class=\"elementor-element elementor-element-f8c55af elementor-widget elementor-widget-spacer\" data-id=\"f8c55af\" data-element_type=\"widget\" data-e-type=\"widget\" data-widget_type=\"spacer.default\">\n\t\t\t\t<div class=\"elementor-widget-container\">\n\t\t\t\t\t\t\t<div class=\"elementor-spacer\">\n\t\t\t<div class=\"elementor-spacer-inner\"><\/div>\n\t\t<\/div>\n\t\t\t\t\t\t<\/div>\n\t\t\t\t<\/div>\n\t\t\t\t<div class=\"elementor-element elementor-element-b148d9e elementor-widget elementor-widget-spacer\" data-id=\"b148d9e\" data-element_type=\"widget\" data-e-type=\"widget\" data-widget_type=\"spacer.default\">\n\t\t\t\t<div class=\"elementor-widget-container\">\n\t\t\t\t\t\t\t<div class=\"elementor-spacer\">\n\t\t\t<div class=\"elementor-spacer-inner\"><\/div>\n\t\t<\/div>\n\t\t\t\t\t\t<\/div>\n\t\t\t\t<\/div>\n\t\t\t\t\t<\/div>\n\t\t<\/div>\n\t\t\t\t\t<\/div>\n\t\t<\/section>\n\t\t\t\t<section class=\"elementor-section elementor-top-section elementor-element elementor-element-08d19b7 elementor-section-boxed elementor-section-height-default elementor-section-height-default\" data-id=\"08d19b7\" data-element_type=\"section\" data-e-type=\"section\">\n\t\t\t\t\t\t<div class=\"elementor-container elementor-column-gap-default\">\n\t\t\t\t\t<div class=\"elementor-column elementor-col-100 elementor-top-column elementor-element elementor-element-22e6a8f\" data-id=\"22e6a8f\" data-element_type=\"column\" data-e-type=\"column\">\n\t\t\t<div class=\"elementor-widget-wrap elementor-element-populated\">\n\t\t\t\t\t\t<div class=\"elementor-element elementor-element-cbff122 elementor-widget elementor-widget-text-editor\" data-id=\"cbff122\" data-element_type=\"widget\" data-e-type=\"widget\" data-widget_type=\"text-editor.default\">\n\t\t\t\t<div class=\"elementor-widget-container\">\n\t\t\t\t\t\t\t\t\t<h4 style=\"text-align: center;\"><span style=\"color: #008080;\"><strong>Pour toutes commandes ou r\u00e9servations, vous pouvez nous joindre au :<\/strong><\/span><br \/><span style=\"color: #008080;\"><strong>02 33 94 71 03<\/strong><\/span><\/h4><h4 style=\"text-align: center;\"><span style=\"color: #008080;\"><strong>Auberge de la vall\u00e9e de la Douve<\/strong><\/span><br \/><span style=\"color: #008080;\"><strong>2 route du Becquet<\/strong><\/span><br \/><span style=\"color: #008080;\"><strong>50260 L&rsquo;Etang-Bertrand<\/strong><\/span><\/h4>\t\t\t\t\t\t\t\t<\/div>\n\t\t\t\t<\/div>\n\t\t\t\t\t<\/div>\n\t\t<\/div>\n\t\t\t\t\t<\/div>\n\t\t<\/section>\n\t\t\t\t<section class=\"elementor-section elementor-top-section elementor-element elementor-element-3457ef9 elementor-section-boxed elementor-section-height-default elementor-section-height-default\" data-id=\"3457ef9\" data-element_type=\"section\" data-e-type=\"section\">\n\t\t\t\t\t\t<div class=\"elementor-container elementor-column-gap-default\">\n\t\t\t\t\t<div class=\"elementor-column elementor-col-100 elementor-top-column elementor-element elementor-element-ec9d807\" data-id=\"ec9d807\" data-element_type=\"column\" data-e-type=\"column\">\n\t\t\t<div class=\"elementor-widget-wrap elementor-element-populated\">\n\t\t\t\t\t\t<div class=\"elementor-element elementor-element-0ef7a2c elementor-widget elementor-widget-spacer\" data-id=\"0ef7a2c\" data-element_type=\"widget\" data-e-type=\"widget\" data-widget_type=\"spacer.default\">\n\t\t\t\t<div class=\"elementor-widget-container\">\n\t\t\t\t\t\t\t<div class=\"elementor-spacer\">\n\t\t\t<div class=\"elementor-spacer-inner\"><\/div>\n\t\t<\/div>\n\t\t\t\t\t\t<\/div>\n\t\t\t\t<\/div>\n\t\t\t\t\t<\/div>\n\t\t<\/div>\n\t\t\t\t\t<\/div>\n\t\t<\/section>\n\t\t\t\t<section class=\"elementor-section elementor-top-section elementor-element elementor-element-b6742a9 elementor-section-boxed elementor-section-height-default elementor-section-height-default\" data-id=\"b6742a9\" data-element_type=\"section\" data-e-type=\"section\">\n\t\t\t\t\t\t<div class=\"elementor-container elementor-column-gap-default\">\n\t\t\t\t\t<div class=\"elementor-column elementor-col-33 elementor-top-column elementor-element elementor-element-e1967e7\" data-id=\"e1967e7\" data-element_type=\"column\" data-e-type=\"column\">\n\t\t\t<div class=\"elementor-widget-wrap\">\n\t\t\t\t\t\t\t<\/div>\n\t\t<\/div>\n\t\t\t\t<div class=\"elementor-column elementor-col-33 elementor-top-column elementor-element elementor-element-3a6a18d\" data-id=\"3a6a18d\" data-element_type=\"column\" data-e-type=\"column\">\n\t\t\t<div class=\"elementor-widget-wrap elementor-element-populated\">\n\t\t\t\t\t\t<div class=\"elementor-element elementor-element-3e563a7 elementor-widget elementor-widget-image\" data-id=\"3e563a7\" data-element_type=\"widget\" data-e-type=\"widget\" data-widget_type=\"image.default\">\n\t\t\t\t<div class=\"elementor-widget-container\">\n\t\t\t\t\t\t\t\t\t\t\t\t\t\t\t\t<a href=\"https:\/\/www.facebook.com\/profile.php?id=100083101724025\">\n\t\t\t\t\t\t\t<img loading=\"lazy\" decoding=\"async\" width=\"150\" height=\"150\" src=\"https:\/\/aubergevalleedeladouve.fr\/wp-content\/uploads\/2022\/08\/facebook-150x150.png\" class=\"attachment-thumbnail size-thumbnail wp-image-525\" alt=\"\" srcset=\"https:\/\/aubergevalleedeladouve.fr\/wp-content\/uploads\/2022\/08\/facebook-150x150.png 150w, https:\/\/aubergevalleedeladouve.fr\/wp-content\/uploads\/2022\/08\/facebook-300x300.png 300w, https:\/\/aubergevalleedeladouve.fr\/wp-content\/uploads\/2022\/08\/facebook-100x100.png 100w, https:\/\/aubergevalleedeladouve.fr\/wp-content\/uploads\/2022\/08\/facebook.png 512w\" sizes=\"100vw\" \/>\t\t\t\t\t\t\t\t<\/a>\n\t\t\t\t\t\t\t\t\t\t\t\t\t\t\t<\/div>\n\t\t\t\t<\/div>\n\t\t\t\t\t<\/div>\n\t\t<\/div>\n\t\t\t\t<div class=\"elementor-column elementor-col-33 elementor-top-column elementor-element elementor-element-0b2c23a\" data-id=\"0b2c23a\" data-element_type=\"column\" data-e-type=\"column\">\n\t\t\t<div class=\"elementor-widget-wrap\">\n\t\t\t\t\t\t\t<\/div>\n\t\t<\/div>\n\t\t\t\t\t<\/div>\n\t\t<\/section>\n\t\t\t\t<section class=\"elementor-section elementor-top-section elementor-element elementor-element-abdbe9b elementor-section-boxed elementor-section-height-default elementor-section-height-default\" data-id=\"abdbe9b\" data-element_type=\"section\" data-e-type=\"section\">\n\t\t\t\t\t\t<div class=\"elementor-container elementor-column-gap-default\">\n\t\t\t\t\t<div class=\"elementor-column elementor-col-100 elementor-top-column elementor-element elementor-element-4746219\" data-id=\"4746219\" data-element_type=\"column\" data-e-type=\"column\">\n\t\t\t<div class=\"elementor-widget-wrap elementor-element-populated\">\n\t\t\t\t\t\t<div class=\"elementor-element elementor-element-c5f5d92 elementor-hidden-desktop elementor-hidden-tablet elementor-widget elementor-widget-wp-widget-nav_menu\" data-id=\"c5f5d92\" data-element_type=\"widget\" data-e-type=\"widget\" data-widget_type=\"wp-widget-nav_menu.default\">\n\t\t\t\t<div class=\"elementor-widget-container\">\n\t\t\t\t\t<h5>Menu<\/h5><div class=\"menu-menu-container\"><ul id=\"menu-menu\" class=\"menu\"><li id=\"menu-item-315\" class=\"menu-item menu-item-type-post_type menu-item-object-page menu-item-home menu-item-315\"><a href=\"https:\/\/aubergevalleedeladouve.fr\/\">Accueil<\/a><\/li>\n<li id=\"menu-item-318\" class=\"menu-item menu-item-type-post_type menu-item-object-page menu-item-318\"><a href=\"https:\/\/aubergevalleedeladouve.fr\/?page_id=95\">La carte<\/a><\/li>\n<li id=\"menu-item-317\" class=\"menu-item menu-item-type-post_type menu-item-object-page menu-item-317\"><a href=\"https:\/\/aubergevalleedeladouve.fr\/?page_id=100\">Les chambres<\/a><\/li>\n<li id=\"menu-item-941\" class=\"menu-item menu-item-type-post_type menu-item-object-page menu-item-941\"><a href=\"https:\/\/aubergevalleedeladouve.fr\/?page_id=940\">L\u2019appart \u2018h\u00f4tel<\/a><\/li>\n<li id=\"menu-item-316\" class=\"menu-item menu-item-type-post_type menu-item-object-page menu-item-316\"><a href=\"https:\/\/aubergevalleedeladouve.fr\/?page_id=103\">L\u2019\u00e9picerie<\/a><\/li>\n<li id=\"menu-item-1103\" class=\"menu-item menu-item-type-post_type menu-item-object-page menu-item-has-children menu-item-1103\"><a href=\"https:\/\/aubergevalleedeladouve.fr\/?page_id=1102\">Bient\u00f4t<\/a>\n<ul class=\"sub-menu\">\n\t<li id=\"menu-item-1106\" class=\"menu-item menu-item-type-post_type menu-item-object-page menu-item-1106\"><a href=\"https:\/\/aubergevalleedeladouve.fr\/?page_id=1105\">Panier<\/a><\/li>\n\t<li id=\"menu-item-1109\" class=\"menu-item menu-item-type-post_type menu-item-object-page menu-item-1109\"><a href=\"https:\/\/aubergevalleedeladouve.fr\/?page_id=1108\">Validation<\/a><\/li>\n\t<li id=\"menu-item-1112\" class=\"menu-item menu-item-type-post_type menu-item-object-page menu-item-1112\"><a href=\"https:\/\/aubergevalleedeladouve.fr\/?page_id=1111\">Compte<\/a><\/li>\n<\/ul>\n<\/li>\n<li id=\"menu-item-1040\" class=\"menu-item menu-item-type-post_type menu-item-object-page menu-item-1040\"><a href=\"https:\/\/aubergevalleedeladouve.fr\/?page_id=1039\">CGU<\/a><\/li>\n<\/ul><\/div>\t\t\t\t<\/div>\n\t\t\t\t<\/div>\n\t\t\t\t\t<\/div>\n\t\t<\/div>\n\t\t\t\t\t<\/div>\n\t\t<\/section>\n\t\t\t\t<\/div>\n\t\t","protected":false},"excerpt":{"rendered":"<p>Situ\u00e9e \u00e0 L\u2019\u00c9tang-Bertrand, au c\u0153ur du Cotentin, \u00e0 proximit\u00e9 de Bricquebec et de Valognes, l\u2019Auberge de la Vall\u00e9e de la Douve vous accueille dans un cadre convivial et chaleureux, id\u00e9al pour une halte touristique, un s\u00e9jour professionnel ou une escapade en famille. L\u2019auberge propose cinq chambres d\u2019h\u00f4tel confortables, dont une chambre adapt\u00e9e aux personnes \u00e0 &hellip; <\/p>\n<p class=\"link-more\"><a href=\"https:\/\/aubergevalleedeladouve.fr\/\" class=\"more-link\">Lire la suite de<span class=\"screen-reader-text\">\u00ab\u00a0Accueil\u00a0\u00bb<\/span><\/a><\/p>\n","protected":false},"author":1,"featured_media":0,"parent":0,"menu_order":0,"comment_status":"closed","ping_status":"closed","template":"","meta":{"_inspiro_hide_title":false,"footnotes":""},"class_list":["post-128","page","type-page","status-publish","hentry"],"yoast_head":"<!-- This site is optimized with the Yoast SEO plugin v25.3 - https:\/\/yoast.com\/wordpress\/plugins\/seo\/ -->\n<title>Accueil - Auberge de la vall\u00e9e de la Douve<\/title>\n<meta name=\"description\" content=\"Profitez d\u2019un s\u00e9jour pratique \u00e0 L&#039;\u00c9tang-Bertrand, \u00e0 8 min de Bricquebec. Restauration du lundi au vendredi, semaine \u00e9tape &amp; menu ouvrier. H\u00f4tel, bar, restaurant, \u00e9picerie\" \/>\n<meta name=\"robots\" content=\"index, follow, max-snippet:-1, max-image-preview:large, max-video-preview:-1\" \/>\n<link rel=\"canonical\" href=\"https:\/\/aubergevalleedeladouve.fr\/\" \/>\n<meta property=\"og:locale\" content=\"fr_FR\" \/>\n<meta property=\"og:type\" content=\"article\" \/>\n<meta property=\"og:title\" content=\"Accueil - Auberge de la vall\u00e9e de la Douve\" \/>\n<meta property=\"og:description\" content=\"Profitez d\u2019un s\u00e9jour pratique \u00e0 L&#039;\u00c9tang-Bertrand, \u00e0 8 min de Bricquebec. Restauration du lundi au vendredi, semaine \u00e9tape &amp; menu ouvrier. H\u00f4tel, bar, restaurant, \u00e9picerie\" \/>\n<meta property=\"og:url\" content=\"https:\/\/aubergevalleedeladouve.fr\/\" \/>\n<meta property=\"og:site_name\" content=\"Auberge de la vall\u00e9e de la Douve\" \/>\n<meta property=\"article:publisher\" content=\"https:\/\/www.facebook.com\/p\/Auberge-Valle-de-la-douve-100083101724025\/\" \/>\n<meta property=\"article:modified_time\" content=\"2026-02-06T17:49:52+00:00\" \/>\n<meta property=\"og:image\" content=\"https:\/\/aubergevalleedeladouve.fr\/wp-content\/uploads\/2022\/08\/DSC_0310-scaled.jpg\" \/>\n\t<meta property=\"og:image:width\" content=\"2560\" \/>\n\t<meta property=\"og:image:height\" content=\"1707\" \/>\n\t<meta property=\"og:image:type\" content=\"image\/jpeg\" \/>\n<meta name=\"twitter:card\" content=\"summary_large_image\" \/>\n<meta name=\"twitter:label1\" content=\"Dur\u00e9e de lecture estim\u00e9e\" \/>\n\t<meta name=\"twitter:data1\" content=\"3 minutes\" \/>\n<script type=\"application\/ld+json\" class=\"yoast-schema-graph\">{\"@context\":\"https:\/\/schema.org\",\"@graph\":[{\"@type\":\"WebPage\",\"@id\":\"https:\/\/aubergevalleedeladouve.fr\/\",\"url\":\"https:\/\/aubergevalleedeladouve.fr\/\",\"name\":\"Accueil - Auberge de la vall\u00e9e de la Douve\",\"isPartOf\":{\"@id\":\"https:\/\/aubergevalleedeladouve.fr\/#website\"},\"primaryImageOfPage\":{\"@id\":\"https:\/\/aubergevalleedeladouve.fr\/#primaryimage\"},\"image\":{\"@id\":\"https:\/\/aubergevalleedeladouve.fr\/#primaryimage\"},\"thumbnailUrl\":\"https:\/\/aubergevalleedeladouve.fr\/wp-content\/uploads\/2022\/08\/DSC_0310-1024x683.jpg\",\"datePublished\":\"2022-08-04T07:01:29+00:00\",\"dateModified\":\"2026-02-06T17:49:52+00:00\",\"description\":\"Profitez d\u2019un s\u00e9jour pratique \u00e0 L'\u00c9tang-Bertrand, \u00e0 8 min de Bricquebec. Restauration du lundi au vendredi, semaine \u00e9tape & menu ouvrier. H\u00f4tel, bar, restaurant, \u00e9picerie\",\"breadcrumb\":{\"@id\":\"https:\/\/aubergevalleedeladouve.fr\/#breadcrumb\"},\"inLanguage\":\"fr-FR\",\"potentialAction\":[{\"@type\":\"ReadAction\",\"target\":[\"https:\/\/aubergevalleedeladouve.fr\/\"]}]},{\"@type\":\"ImageObject\",\"inLanguage\":\"fr-FR\",\"@id\":\"https:\/\/aubergevalleedeladouve.fr\/#primaryimage\",\"url\":\"https:\/\/aubergevalleedeladouve.fr\/wp-content\/uploads\/2022\/08\/DSC_0310-scaled.jpg\",\"contentUrl\":\"https:\/\/aubergevalleedeladouve.fr\/wp-content\/uploads\/2022\/08\/DSC_0310-scaled.jpg\",\"width\":2560,\"height\":1707,\"caption\":\"fa\u00e7ade\"},{\"@type\":\"BreadcrumbList\",\"@id\":\"https:\/\/aubergevalleedeladouve.fr\/#breadcrumb\",\"itemListElement\":[{\"@type\":\"ListItem\",\"position\":1,\"name\":\"Accueil\",\"item\":\"https:\/\/aubergevalleedeladouve.fr\/\"},{\"@type\":\"ListItem\",\"position\":2,\"name\":\"Accueil\"}]},{\"@type\":\"WebSite\",\"@id\":\"https:\/\/aubergevalleedeladouve.fr\/#website\",\"url\":\"https:\/\/aubergevalleedeladouve.fr\/\",\"name\":\"Auberge de la vall\u00e9e de la Douve\",\"description\":\"H\u00f4tel Restaurant Bar MultiServices\",\"publisher\":{\"@id\":\"https:\/\/aubergevalleedeladouve.fr\/#organization\"},\"potentialAction\":[{\"@type\":\"SearchAction\",\"target\":{\"@type\":\"EntryPoint\",\"urlTemplate\":\"https:\/\/aubergevalleedeladouve.fr\/?s={search_term_string}\"},\"query-input\":{\"@type\":\"PropertyValueSpecification\",\"valueRequired\":true,\"valueName\":\"search_term_string\"}}],\"inLanguage\":\"fr-FR\"},{\"@type\":\"Organization\",\"@id\":\"https:\/\/aubergevalleedeladouve.fr\/#organization\",\"name\":\"Auberge de la vall\u00e9e de la Douve\",\"url\":\"https:\/\/aubergevalleedeladouve.fr\/\",\"logo\":{\"@type\":\"ImageObject\",\"inLanguage\":\"fr-FR\",\"@id\":\"https:\/\/aubergevalleedeladouve.fr\/#\/schema\/logo\/image\/\",\"url\":\"https:\/\/aubergevalleedeladouve.fr\/wp-content\/uploads\/2022\/08\/logoHighRes.png\",\"contentUrl\":\"https:\/\/aubergevalleedeladouve.fr\/wp-content\/uploads\/2022\/08\/logoHighRes.png\",\"width\":1196,\"height\":1361,\"caption\":\"Auberge de la vall\u00e9e de la Douve\"},\"image\":{\"@id\":\"https:\/\/aubergevalleedeladouve.fr\/#\/schema\/logo\/image\/\"},\"sameAs\":[\"https:\/\/www.facebook.com\/p\/Auberge-Valle-de-la-douve-100083101724025\/\"]}]}<\/script>\n<!-- \/ Yoast SEO plugin. -->","yoast_head_json":{"title":"Accueil - Auberge de la vall\u00e9e de la Douve","description":"Profitez d\u2019un s\u00e9jour pratique \u00e0 L'\u00c9tang-Bertrand, \u00e0 8 min de Bricquebec. Restauration du lundi au vendredi, semaine \u00e9tape & menu ouvrier. H\u00f4tel, bar, restaurant, \u00e9picerie","robots":{"index":"index","follow":"follow","max-snippet":"max-snippet:-1","max-image-preview":"max-image-preview:large","max-video-preview":"max-video-preview:-1"},"canonical":"https:\/\/aubergevalleedeladouve.fr\/","og_locale":"fr_FR","og_type":"article","og_title":"Accueil - Auberge de la vall\u00e9e de la Douve","og_description":"Profitez d\u2019un s\u00e9jour pratique \u00e0 L'\u00c9tang-Bertrand, \u00e0 8 min de Bricquebec. Restauration du lundi au vendredi, semaine \u00e9tape & menu ouvrier. H\u00f4tel, bar, restaurant, \u00e9picerie","og_url":"https:\/\/aubergevalleedeladouve.fr\/","og_site_name":"Auberge de la vall\u00e9e de la Douve","article_publisher":"https:\/\/www.facebook.com\/p\/Auberge-Valle-de-la-douve-100083101724025\/","article_modified_time":"2026-02-06T17:49:52+00:00","og_image":[{"width":2560,"height":1707,"url":"https:\/\/aubergevalleedeladouve.fr\/wp-content\/uploads\/2022\/08\/DSC_0310-scaled.jpg","type":"image\/jpeg"}],"twitter_card":"summary_large_image","twitter_misc":{"Dur\u00e9e de lecture estim\u00e9e":"3 minutes"},"schema":{"@context":"https:\/\/schema.org","@graph":[{"@type":"WebPage","@id":"https:\/\/aubergevalleedeladouve.fr\/","url":"https:\/\/aubergevalleedeladouve.fr\/","name":"Accueil - Auberge de la vall\u00e9e de la Douve","isPartOf":{"@id":"https:\/\/aubergevalleedeladouve.fr\/#website"},"primaryImageOfPage":{"@id":"https:\/\/aubergevalleedeladouve.fr\/#primaryimage"},"image":{"@id":"https:\/\/aubergevalleedeladouve.fr\/#primaryimage"},"thumbnailUrl":"https:\/\/aubergevalleedeladouve.fr\/wp-content\/uploads\/2022\/08\/DSC_0310-1024x683.jpg","datePublished":"2022-08-04T07:01:29+00:00","dateModified":"2026-02-06T17:49:52+00:00","description":"Profitez d\u2019un s\u00e9jour pratique \u00e0 L'\u00c9tang-Bertrand, \u00e0 8 min de Bricquebec. Restauration du lundi au vendredi, semaine \u00e9tape & menu ouvrier. H\u00f4tel, bar, restaurant, \u00e9picerie","breadcrumb":{"@id":"https:\/\/aubergevalleedeladouve.fr\/#breadcrumb"},"inLanguage":"fr-FR","potentialAction":[{"@type":"ReadAction","target":["https:\/\/aubergevalleedeladouve.fr\/"]}]},{"@type":"ImageObject","inLanguage":"fr-FR","@id":"https:\/\/aubergevalleedeladouve.fr\/#primaryimage","url":"https:\/\/aubergevalleedeladouve.fr\/wp-content\/uploads\/2022\/08\/DSC_0310-scaled.jpg","contentUrl":"https:\/\/aubergevalleedeladouve.fr\/wp-content\/uploads\/2022\/08\/DSC_0310-scaled.jpg","width":2560,"height":1707,"caption":"fa\u00e7ade"},{"@type":"BreadcrumbList","@id":"https:\/\/aubergevalleedeladouve.fr\/#breadcrumb","itemListElement":[{"@type":"ListItem","position":1,"name":"Accueil","item":"https:\/\/aubergevalleedeladouve.fr\/"},{"@type":"ListItem","position":2,"name":"Accueil"}]},{"@type":"WebSite","@id":"https:\/\/aubergevalleedeladouve.fr\/#website","url":"https:\/\/aubergevalleedeladouve.fr\/","name":"Auberge de la vall\u00e9e de la Douve","description":"H\u00f4tel Restaurant Bar MultiServices","publisher":{"@id":"https:\/\/aubergevalleedeladouve.fr\/#organization"},"potentialAction":[{"@type":"SearchAction","target":{"@type":"EntryPoint","urlTemplate":"https:\/\/aubergevalleedeladouve.fr\/?s={search_term_string}"},"query-input":{"@type":"PropertyValueSpecification","valueRequired":true,"valueName":"search_term_string"}}],"inLanguage":"fr-FR"},{"@type":"Organization","@id":"https:\/\/aubergevalleedeladouve.fr\/#organization","name":"Auberge de la vall\u00e9e de la Douve","url":"https:\/\/aubergevalleedeladouve.fr\/","logo":{"@type":"ImageObject","inLanguage":"fr-FR","@id":"https:\/\/aubergevalleedeladouve.fr\/#\/schema\/logo\/image\/","url":"https:\/\/aubergevalleedeladouve.fr\/wp-content\/uploads\/2022\/08\/logoHighRes.png","contentUrl":"https:\/\/aubergevalleedeladouve.fr\/wp-content\/uploads\/2022\/08\/logoHighRes.png","width":1196,"height":1361,"caption":"Auberge de la vall\u00e9e de la Douve"},"image":{"@id":"https:\/\/aubergevalleedeladouve.fr\/#\/schema\/logo\/image\/"},"sameAs":["https:\/\/www.facebook.com\/p\/Auberge-Valle-de-la-douve-100083101724025\/"]}]}},"jetpack_sharing_enabled":true,"_links":{"self":[{"href":"https:\/\/aubergevalleedeladouve.fr\/index.php?rest_route=\/wp\/v2\/pages\/128","targetHints":{"allow":["GET"]}}],"collection":[{"href":"https:\/\/aubergevalleedeladouve.fr\/index.php?rest_route=\/wp\/v2\/pages"}],"about":[{"href":"https:\/\/aubergevalleedeladouve.fr\/index.php?rest_route=\/wp\/v2\/types\/page"}],"author":[{"embeddable":true,"href":"https:\/\/aubergevalleedeladouve.fr\/index.php?rest_route=\/wp\/v2\/users\/1"}],"replies":[{"embeddable":true,"href":"https:\/\/aubergevalleedeladouve.fr\/index.php?rest_route=%2Fwp%2Fv2%2Fcomments&post=128"}],"version-history":[{"count":263,"href":"https:\/\/aubergevalleedeladouve.fr\/index.php?rest_route=\/wp\/v2\/pages\/128\/revisions"}],"predecessor-version":[{"id":1230,"href":"https:\/\/aubergevalleedeladouve.fr\/index.php?rest_route=\/wp\/v2\/pages\/128\/revisions\/1230"}],"wp:attachment":[{"href":"https:\/\/aubergevalleedeladouve.fr\/index.php?rest_route=%2Fwp%2Fv2%2Fmedia&parent=128"}],"curies":[{"name":"wp","href":"https:\/\/api.w.org\/{rel}","templated":true}]}}